{"id":5578,"date":"2023-09-05T16:07:45","date_gmt":"2023-09-05T14:07:45","guid":{"rendered":"https:\/\/schulsprengel-sterzing3.it\/grundschule-mittelschule\/?page_id=5578"},"modified":"2024-06-10T08:59:47","modified_gmt":"2024-06-10T06:59:47","slug":"dienste-und-leistungen-der-verwaltung","status":"publish","type":"page","link":"https:\/\/schulsprengel-sterzing3.it\/grundschule-mittelschule\/transparente-verwaltung\/dienste-und-leistungen-der-verwaltung\/","title":{"rendered":"Erbrachte Dienstleistungen"},"content":{"rendered":"<p><a href=\"https:\/\/schulsprengel-sterzing3.it\/grundschule-mittelschule\/schulprogramm\/\">Dienstcharta und Qualit\u00e4tsstandards\u00a0<\/a><\/p>\n<p><strong>Dokumente zum Download:<\/strong><\/p>\n<ul>\n<li><a href=\"https:\/\/schulsprengel-sterzing3.it\/grundschule-mittelschule\/wp-content\/uploads\/2023\/09\/Qualitaetsrahmen_Schulen.pdf\">Verbindlicher Qualit\u00e4tsrahmen f\u00fcr die Schulen in S\u00fcdtirol<\/a> (PDF)<\/li>\n<li><a href=\"https:\/\/schulsprengel-sterzing3.it\/grundschule-mittelschule\/wp-content\/uploads\/2023\/09\/Verhaltenskodex-Schulfuehrungskraft.pdf\">Verhaltenskodex Schulf\u00fchrungskraft<\/a> (PDF)<\/li>\n<li><a href=\"https:\/\/schulsprengel-sterzing3.it\/grundschule-mittelschule\/wp-content\/uploads\/2023\/09\/Verhaltenskodex-28.08.18.pdf\">Verhaltenskodex f\u00fcr das Personal der Autonomen Provinz Bozen<\/a> (PDF)<\/li>\n<\/ul>\n<p><strong>Sammelklagen<\/strong><em> (gegen die Schule wurde keine Sammelklage eingereicht)<\/em><\/p>\n<p><b><strong>Verbuchte Kosten <\/strong><\/b><em>(trifft auf die Schule nicht zu)<\/em><\/p>\n<p><b>Wartelisten <\/b><em>(trifft auf die Schule nicht zu)<\/em><\/p>\n<p><strong>Onlinedienste\u00a0<\/strong><br \/>\nDerzeit hat die Autonome Provinz Bozen f\u00fcr die Onlinedienste der Schulen (z. B. Online-Einschreibung) noch keine Erhebungen \u00fcber die Zufriedenheit der Nutzer bez\u00fcglich der Qualit\u00e4t der bereitgestellten Onlinedienste, auch\u00a0bez\u00fcglich der Nutzbarkeit,\u00a0Zug\u00e4nglichkeit und Aktualit\u00e4t, durchgef\u00fchrt.<\/p>\n<p><a href=\"https:\/\/transparente-verwaltung.provinz.bz.it\/de\/online-dienste\">Nutzungsstatistiken der Onlinedienste<\/a><\/p>\n","protected":false},"excerpt":{"rendered":"<p>Dienstcharta und Qualit\u00e4tsstandards\u00a0 Dokumente zum Download: Verbindlicher Qualit\u00e4tsrahmen f\u00fcr die Schulen in S\u00fcdtirol (PDF) Verhaltenskodex Schulf\u00fchrungskraft (PDF) Verhaltenskodex f\u00fcr das Personal der Autonomen Provinz Bozen (PDF) Sammelklagen (gegen die Schule wurde keine Sammelklage eingereicht) Verbuchte Kosten (trifft auf die Schule nicht zu) Wartelisten (trifft auf die Schule nicht zu) Onlinedienste\u00a0 Derzeit hat die Autonome Provinz [&hellip;]<\/p>\n","protected":false},"author":1,"featured_media":0,"parent":860,"menu_order":0,"comment_status":"closed","ping_status":"closed","template":"","meta":{"footnotes":""},"class_list":["post-5578","page","type-page","status-publish","hentry"],"_links":{"self":[{"href":"https:\/\/schulsprengel-sterzing3.it\/grundschule-mittelschule\/wp-json\/wp\/v2\/pages\/5578","targetHints":{"allow":["GET"]}}],"collection":[{"href":"https:\/\/schulsprengel-sterzing3.it\/grundschule-mittelschule\/wp-json\/wp\/v2\/pages"}],"about":[{"href":"https:\/\/schulsprengel-sterzing3.it\/grundschule-mittelschule\/wp-json\/wp\/v2\/types\/page"}],"author":[{"embeddable":true,"href":"https:\/\/schulsprengel-sterzing3.it\/grundschule-mittelschule\/wp-json\/wp\/v2\/users\/1"}],"replies":[{"embeddable":true,"href":"https:\/\/schulsprengel-sterzing3.it\/grundschule-mittelschule\/wp-json\/wp\/v2\/comments?post=5578"}],"version-history":[{"count":6,"href":"https:\/\/schulsprengel-sterzing3.it\/grundschule-mittelschule\/wp-json\/wp\/v2\/pages\/5578\/revisions"}],"predecessor-version":[{"id":6353,"href":"https:\/\/schulsprengel-sterzing3.it\/grundschule-mittelschule\/wp-json\/wp\/v2\/pages\/5578\/revisions\/6353"}],"up":[{"embeddable":true,"href":"https:\/\/schulsprengel-sterzing3.it\/grundschule-mittelschule\/wp-json\/wp\/v2\/pages\/860"}],"wp:attachment":[{"href":"https:\/\/schulsprengel-sterzing3.it\/grundschule-mittelschule\/wp-json\/wp\/v2\/media?parent=5578"}],"curies":[{"name":"wp","href":"https:\/\/api.w.org\/{rel}","templated":true}]}}