{"id":6306,"date":"2024-06-03T16:14:50","date_gmt":"2024-06-03T14:14:50","guid":{"rendered":"https:\/\/schulsprengel-sterzing3.it\/grundschule-mittelschule\/?page_id=6306"},"modified":"2024-06-10T09:16:07","modified_gmt":"2024-06-10T07:16:07","slug":"performance","status":"publish","type":"page","link":"https:\/\/schulsprengel-sterzing3.it\/grundschule-mittelschule\/transparente-verwaltung\/performance\/","title":{"rendered":"Performance"},"content":{"rendered":"<ul>\n<li>System zur Messung und Bewertung der Performance &#8211; nicht zutreffend<\/li>\n<li>Performanceplan &#8211; nicht zutreffend<\/li>\n<li>Bericht zur Performance &#8211; nicht zutreffend<\/li>\n<\/ul>\n<p><strong>Lehrpersonal<\/strong><\/p>\n<p><a href=\"https:\/\/transparente-verwaltung.provinz.bz.it\/de\/performance\">Gesamtbetrag der Pr\u00e4mien Lehrpersonal<\/a><\/p>\n<ul>\n<li><a href=\"https:\/\/amministrazione-trasparente.provincia.bz.it\/de\/daten-zu-den-praemien\">Daten zu den Pr\u00e4mien\u00a0<\/a>\n<ul>\n<li style=\"text-align: left;\"><a href=\"https:\/\/schulsprengel-sterzing3.it\/grundschule-mittelschule\/transparente-verwaltung\/performance\/schulvertrag-leistungspraemie2023-24-signed_signed-signed\/\" rel=\"attachment wp-att-6314\">Schulvertrag Leistungspr\u00e4mie2023-24\u00a0<\/a><br \/>\n<a href=\"https:\/\/schulsprengel-sterzing3.it\/grundschule-mittelschule\/transparente-verwaltung\/performance\/leistungspraemie-lehrpersonal\/\" rel=\"attachment wp-att-6330\">Betr\u00e4ge der tats\u00e4chlich verteilten Leistungspr\u00e4mie an das Lehrpersonal<\/a><\/li>\n<\/ul>\n<\/li>\n<\/ul>\n<p><strong>Verwaltungspersonal<\/strong><br \/>\n<a href=\"https:\/\/schulsprengel-sterzing3.it\/grundschule-mittelschule\/transparente-verwaltung\/performance\/leistungspraemie-verwaltungspersonal-schuljahr-2018-19\/\" rel=\"attachment wp-att-6335\">Leistungspr\u00e4mie Verwaltungspersonal Schuljahr 2018-19<\/a><br \/>\n<a href=\"https:\/\/schulsprengel-sterzing3.it\/grundschule-mittelschule\/transparente-verwaltung\/performance\/leistungspraemie-verwaltungspersonal-schuljahr-2019-20\/\" rel=\"attachment wp-att-6336\">Leistungspr\u00e4mie Verwaltungspersonal Schuljahr 2019-20<\/a><br \/>\n<a href=\"https:\/\/schulsprengel-sterzing3.it\/grundschule-mittelschule\/transparente-verwaltung\/performance\/leistungspraemie-verwaltungspersonal-schuljahr-2020-21\/\" rel=\"attachment wp-att-6337\">Leistungspr\u00e4mie Verwaltungspersonal Schuljahr 2020-21<\/a><br \/>\n<a href=\"https:\/\/schulsprengel-sterzing3.it\/grundschule-mittelschule\/transparente-verwaltung\/performance\/leistungspraemie-verwaltungspersonal-schuljahr-2021-22\/\" rel=\"attachment wp-att-6338\">Leistungspr\u00e4mie Verwaltungspersonal Schuljahr 2021-22<\/a><br \/>\n<a href=\"https:\/\/schulsprengel-sterzing3.it\/grundschule-mittelschule\/transparente-verwaltung\/performance\/leistungspraemie-verwaltungspersonal-schuljahr-2022-23\/\" rel=\"attachment wp-att-6339\">Leistungspr\u00e4mie Verwaltungspersonal Schuljahr 2022-23<\/a><\/p>\n<p>&nbsp;<\/p>\n","protected":false},"excerpt":{"rendered":"<p>System zur Messung und Bewertung der Performance &#8211; nicht zutreffend Performanceplan &#8211; nicht zutreffend Bericht zur Performance &#8211; nicht zutreffend Lehrpersonal Gesamtbetrag der Pr\u00e4mien Lehrpersonal Daten zu den Pr\u00e4mien\u00a0 Schulvertrag Leistungspr\u00e4mie2023-24\u00a0 Betr\u00e4ge der tats\u00e4chlich verteilten Leistungspr\u00e4mie an das Lehrpersonal Verwaltungspersonal Leistungspr\u00e4mie Verwaltungspersonal Schuljahr 2018-19 Leistungspr\u00e4mie Verwaltungspersonal Schuljahr 2019-20 Leistungspr\u00e4mie Verwaltungspersonal Schuljahr 2020-21 Leistungspr\u00e4mie Verwaltungspersonal Schuljahr [&hellip;]<\/p>\n","protected":false},"author":1,"featured_media":0,"parent":860,"menu_order":0,"comment_status":"closed","ping_status":"closed","template":"","meta":{"footnotes":""},"class_list":["post-6306","page","type-page","status-publish","hentry"],"_links":{"self":[{"href":"https:\/\/schulsprengel-sterzing3.it\/grundschule-mittelschule\/wp-json\/wp\/v2\/pages\/6306","targetHints":{"allow":["GET"]}}],"collection":[{"href":"https:\/\/schulsprengel-sterzing3.it\/grundschule-mittelschule\/wp-json\/wp\/v2\/pages"}],"about":[{"href":"https:\/\/schulsprengel-sterzing3.it\/grundschule-mittelschule\/wp-json\/wp\/v2\/types\/page"}],"author":[{"embeddable":true,"href":"https:\/\/schulsprengel-sterzing3.it\/grundschule-mittelschule\/wp-json\/wp\/v2\/users\/1"}],"replies":[{"embeddable":true,"href":"https:\/\/schulsprengel-sterzing3.it\/grundschule-mittelschule\/wp-json\/wp\/v2\/comments?post=6306"}],"version-history":[{"count":9,"href":"https:\/\/schulsprengel-sterzing3.it\/grundschule-mittelschule\/wp-json\/wp\/v2\/pages\/6306\/revisions"}],"predecessor-version":[{"id":6356,"href":"https:\/\/schulsprengel-sterzing3.it\/grundschule-mittelschule\/wp-json\/wp\/v2\/pages\/6306\/revisions\/6356"}],"up":[{"embeddable":true,"href":"https:\/\/schulsprengel-sterzing3.it\/grundschule-mittelschule\/wp-json\/wp\/v2\/pages\/860"}],"wp:attachment":[{"href":"https:\/\/schulsprengel-sterzing3.it\/grundschule-mittelschule\/wp-json\/wp\/v2\/media?parent=6306"}],"curies":[{"name":"wp","href":"https:\/\/api.w.org\/{rel}","templated":true}]}}